{"id":1531,"date":"2026-04-20T14:28:03","date_gmt":"2026-04-20T14:28:03","guid":{"rendered":"https:\/\/www.lexusmadridsur.es\/info\/venta-lexus-priv-abril-2026\/"},"modified":"2026-04-27T18:04:36","modified_gmt":"2026-04-27T18:04:36","slug":"venta-lexus-prive-abril-2026","status":"publish","type":"page","link":"https:\/\/www.lexusmadridsur.es\/info\/venta-lexus-prive-abril-2026\/","title":{"rendered":"Venta Lexus Priv\u00e9 Abril 2026"},"content":{"rendered":"\t\t<div data-elementor-type=\"wp-post\" data-elementor-id=\"1531\" class=\"elementor elementor-1531\" data-elementor-post-type=\"page\">\n\t\t\t\t<div class=\"elementor-element elementor-element-f1ad1e4 e-con-full e-flex e-con e-parent\" data-id=\"f1ad1e4\" data-element_type=\"container\">\n\t\t<div class=\"elementor-element elementor-element-68958cf e-con-full e-flex e-con e-child\" data-id=\"68958cf\" data-element_type=\"container\">\n\t\t\t\t<div class=\"elementor-element elementor-element-556c161 elementor-widget elementor-widget-image\" data-id=\"556c161\" data-element_type=\"widget\" data-widget_type=\"image.default\">\n\t\t\t\t<div class=\"elementor-widget-container\">\n\t\t\t\t\t\t\t\t\t\t\t\t\t\t\t<img fetchpriority=\"high\" decoding=\"async\" width=\"1620\" height=\"381\" src=\"https:\/\/www.lexusmadridsur.es\/WP_LEXUS\/wp-content\/uploads\/2026\/04\/Logo_Lexus_Prive_3edicion.png\" class=\"attachment-full size-full wp-image-1657\" alt=\"\" srcset=\"https:\/\/www.lexusmadridsur.es\/WP_LEXUS\/wp-content\/uploads\/2026\/04\/Logo_Lexus_Prive_3edicion.png 1620w, https:\/\/www.lexusmadridsur.es\/WP_LEXUS\/wp-content\/uploads\/2026\/04\/Logo_Lexus_Prive_3edicion-300x71.png 300w, https:\/\/www.lexusmadridsur.es\/WP_LEXUS\/wp-content\/uploads\/2026\/04\/Logo_Lexus_Prive_3edicion-1024x241.png 1024w, https:\/\/www.lexusmadridsur.es\/WP_LEXUS\/wp-content\/uploads\/2026\/04\/Logo_Lexus_Prive_3edicion-768x181.png 768w, https:\/\/www.lexusmadridsur.es\/WP_LEXUS\/wp-content\/uploads\/2026\/04\/Logo_Lexus_Prive_3edicion-1536x361.png 1536w\" sizes=\"(max-width: 1620px) 100vw, 1620px\" \/>\t\t\t\t\t\t\t\t\t\t\t\t\t\t\t<\/div>\n\t\t\t\t<\/div>\n\t\t\t\t<\/div>\n\t\t<div class=\"elementor-element elementor-element-4278253 e-con-full e-flex e-con e-child\" data-id=\"4278253\" data-element_type=\"container\">\n\t\t<div class=\"elementor-element elementor-element-7f0741a e-con-full e-flex e-con e-child\" data-id=\"7f0741a\" data-element_type=\"container\">\n\t\t\t\t<div class=\"elementor-element elementor-element-ceaca9d elementor-widget__width-inherit elementor-widget elementor-widget-heading\" data-id=\"ceaca9d\" data-element_type=\"widget\" data-widget_type=\"heading.default\">\n\t\t\t\t<div class=\"elementor-widget-container\">\n\t\t\t\t\t<p class=\"elementor-heading-title elementor-size-default\">Concesionarios Oficiales Lexus en Madrid<\/p>\t\t\t\t<\/div>\n\t\t\t\t<\/div>\n\t\t\t\t<\/div>\n\t\t<div class=\"elementor-element elementor-element-72247c9 e-con-full e-flex e-con e-child\" data-id=\"72247c9\" data-element_type=\"container\">\n\t\t\t\t<div class=\"elementor-element elementor-element-d5db274 elementor-widget elementor-widget-image\" data-id=\"d5db274\" data-element_type=\"widget\" data-widget_type=\"image.default\">\n\t\t\t\t<div class=\"elementor-widget-container\">\n\t\t\t\t\t\t\t\t\t\t\t\t\t\t\t<img decoding=\"async\" width=\"1081\" height=\"527\" src=\"https:\/\/www.lexusmadridsur.es\/WP_LEXUS\/wp-content\/uploads\/2025\/07\/lexusmadridsur-logo.png\" class=\"attachment-full size-full wp-image-1187\" alt=\"\" srcset=\"https:\/\/www.lexusmadridsur.es\/WP_LEXUS\/wp-content\/uploads\/2025\/07\/lexusmadridsur-logo.png 1081w, https:\/\/www.lexusmadridsur.es\/WP_LEXUS\/wp-content\/uploads\/2025\/07\/lexusmadridsur-logo-300x146.png 300w, https:\/\/www.lexusmadridsur.es\/WP_LEXUS\/wp-content\/uploads\/2025\/07\/lexusmadridsur-logo-1024x499.png 1024w, https:\/\/www.lexusmadridsur.es\/WP_LEXUS\/wp-content\/uploads\/2025\/07\/lexusmadridsur-logo-768x374.png 768w\" sizes=\"(max-width: 1081px) 100vw, 1081px\" \/>\t\t\t\t\t\t\t\t\t\t\t\t\t\t\t<\/div>\n\t\t\t\t<\/div>\n\t\t\t\t<\/div>\n\t\t\t\t<\/div>\n\t\t\t\t<\/div>\n\t\t<div class=\"elementor-element elementor-element-041d6ea e-flex e-con-boxed e-con e-parent\" data-id=\"041d6ea\" data-element_type=\"container\" data-settings=\"{&quot;background_background&quot;:&quot;classic&quot;}\">\n\t\t\t\t\t<div class=\"e-con-inner\">\n\t\t\t\t<div class=\"elementor-element elementor-element-bb26844 elementor-widget elementor-widget-heading\" data-id=\"bb26844\" data-element_type=\"widget\" data-widget_type=\"heading.default\">\n\t\t\t\t<div class=\"elementor-widget-container\">\n\t\t\t\t\t<p class=\"elementor-heading-title elementor-size-default\">Ahorra hasta 14.000\u20ac* en tu Lexus<\/p>\t\t\t\t<\/div>\n\t\t\t\t<\/div>\n\t\t\t\t<div class=\"elementor-element elementor-element-b061958 elementor-widget__width-initial elementor-invisible elementor-widget elementor-widget-heading\" data-id=\"b061958\" data-element_type=\"widget\" data-settings=\"{&quot;_animation&quot;:&quot;fadeIn&quot;}\" data-widget_type=\"heading.default\">\n\t\t\t\t<div class=\"elementor-widget-container\">\n\t\t\t\t\t<h2 class=\"elementor-heading-title elementor-size-default\">Precios exclusivos s\u00f3lo con cita previa<\/h2>\t\t\t\t<\/div>\n\t\t\t\t<\/div>\n\t\t\t\t<div class=\"elementor-element elementor-element-4be216b elementor-widget elementor-widget-heading\" data-id=\"4be216b\" data-element_type=\"widget\" data-widget_type=\"heading.default\">\n\t\t\t\t<div class=\"elementor-widget-container\">\n\t\t\t\t\t<p class=\"elementor-heading-title elementor-size-default\">S\u00f3lo 80 citas disponibles<\/p>\t\t\t\t<\/div>\n\t\t\t\t<\/div>\n\t\t\t\t<div class=\"elementor-element elementor-element-dbb2323 elementor-widget elementor-widget-heading\" data-id=\"dbb2323\" data-element_type=\"widget\" data-widget_type=\"heading.default\">\n\t\t\t\t<div class=\"elementor-widget-container\">\n\t\t\t\t\t<h2 class=\"elementor-heading-title elementor-size-default\">Los mejores precios del a\u00f1o<\/h2>\t\t\t\t<\/div>\n\t\t\t\t<\/div>\n\t\t\t\t\t<\/div>\n\t\t\t\t<\/div>\n\t\t<div class=\"elementor-element elementor-element-e68d40d elementor-hidden-desktop elementor-hidden-tablet e-flex e-con-boxed e-con e-parent\" data-id=\"e68d40d\" data-element_type=\"container\">\n\t\t\t\t\t<div class=\"e-con-inner\">\n\t\t\t\t<div class=\"elementor-element elementor-element-acda2c4 elementor-widget elementor-widget-image\" data-id=\"acda2c4\" data-element_type=\"widget\" data-widget_type=\"image.default\">\n\t\t\t\t<div class=\"elementor-widget-container\">\n\t\t\t\t\t\t\t\t\t\t\t\t\t\t\t<img decoding=\"async\" width=\"1024\" height=\"653\" src=\"https:\/\/www.lexusmadridsur.es\/WP_LEXUS\/wp-content\/uploads\/2026\/04\/fondo-prive-tercera-edicion-1024x653.jpg\" class=\"attachment-large size-large wp-image-1655\" alt=\"\" srcset=\"https:\/\/www.lexusmadridsur.es\/WP_LEXUS\/wp-content\/uploads\/2026\/04\/fondo-prive-tercera-edicion-1024x653.jpg 1024w, https:\/\/www.lexusmadridsur.es\/WP_LEXUS\/wp-content\/uploads\/2026\/04\/fondo-prive-tercera-edicion-300x191.jpg 300w, https:\/\/www.lexusmadridsur.es\/WP_LEXUS\/wp-content\/uploads\/2026\/04\/fondo-prive-tercera-edicion-768x490.jpg 768w, https:\/\/www.lexusmadridsur.es\/WP_LEXUS\/wp-content\/uploads\/2026\/04\/fondo-prive-tercera-edicion.jpg 1065w\" sizes=\"(max-width: 1024px) 100vw, 1024px\" \/>\t\t\t\t\t\t\t\t\t\t\t\t\t\t\t<\/div>\n\t\t\t\t<\/div>\n\t\t\t\t\t<\/div>\n\t\t\t\t<\/div>\n\t\t<div class=\"elementor-element elementor-element-97a10f1 e-flex e-con-boxed e-con e-parent\" data-id=\"97a10f1\" data-element_type=\"container\">\n\t\t\t\t\t<div class=\"e-con-inner\">\n\t\t\t\t<div class=\"elementor-element elementor-element-4e1bb12 elementor-widget__width-initial elementor-invisible elementor-widget elementor-widget-heading\" data-id=\"4e1bb12\" data-element_type=\"widget\" data-settings=\"{&quot;_animation&quot;:&quot;fadeIn&quot;}\" data-widget_type=\"heading.default\">\n\t\t\t\t<div class=\"elementor-widget-container\">\n\t\t\t\t\t<h2 class=\"elementor-heading-title elementor-size-default\">Con tu Lexus,<\/h2>\t\t\t\t<\/div>\n\t\t\t\t<\/div>\n\t\t\t\t<div class=\"elementor-element elementor-element-e673625 elementor-widget__width-initial elementor-invisible elementor-widget elementor-widget-heading\" data-id=\"e673625\" data-element_type=\"widget\" data-settings=\"{&quot;_animation&quot;:&quot;fadeIn&quot;}\" data-widget_type=\"heading.default\">\n\t\t\t\t<div class=\"elementor-widget-container\">\n\t\t\t\t\t<h2 class=\"elementor-heading-title elementor-size-default\">ll\u00e9vate GRATIS unas gafas Ray-Bay Meta Wayfarer gen 1 valoradas en 300\u20ac de regalo. \n<\/h2>\t\t\t\t<\/div>\n\t\t\t\t<\/div>\n\t\t\t\t<div class=\"elementor-element elementor-element-c285eb7 elementor-widget elementor-widget-heading\" data-id=\"c285eb7\" data-element_type=\"widget\" data-widget_type=\"heading.default\">\n\t\t\t\t<div class=\"elementor-widget-container\">\n\t\t\t\t\t<p class=\"elementor-heading-title elementor-size-default\">(S\u00ed, gratis y regalo en la misma frase) \u00b7 Podr\u00e1s hacer: Llamadas, m\u00fasica, grabaciones de voz y captura de im\u00e1genes y videos.<\/p>\t\t\t\t<\/div>\n\t\t\t\t<\/div>\n\t\t\t\t<div class=\"elementor-element elementor-element-6a2a05d elementor-widget elementor-widget-image\" data-id=\"6a2a05d\" data-element_type=\"widget\" data-settings=\"{&quot;motion_fx_motion_fx_mouse&quot;:&quot;yes&quot;,&quot;motion_fx_mouseTrack_effect&quot;:&quot;yes&quot;,&quot;motion_fx_mouseTrack_direction&quot;:&quot;negative&quot;,&quot;motion_fx_mouseTrack_speed&quot;:{&quot;unit&quot;:&quot;px&quot;,&quot;size&quot;:0.3,&quot;sizes&quot;:[]}}\" data-widget_type=\"image.default\">\n\t\t\t\t<div class=\"elementor-widget-container\">\n\t\t\t\t\t\t\t\t\t\t\t\t\t\t\t<img loading=\"lazy\" decoding=\"async\" width=\"1450\" height=\"776\" src=\"https:\/\/www.lexusmadridsur.es\/WP_LEXUS\/wp-content\/uploads\/2026\/04\/Regalo_gafas_Landing_negro.png\" class=\"attachment-full size-full wp-image-1658\" alt=\"\" srcset=\"https:\/\/www.lexusmadridsur.es\/WP_LEXUS\/wp-content\/uploads\/2026\/04\/Regalo_gafas_Landing_negro.png 1450w, https:\/\/www.lexusmadridsur.es\/WP_LEXUS\/wp-content\/uploads\/2026\/04\/Regalo_gafas_Landing_negro-300x161.png 300w, https:\/\/www.lexusmadridsur.es\/WP_LEXUS\/wp-content\/uploads\/2026\/04\/Regalo_gafas_Landing_negro-1024x548.png 1024w, https:\/\/www.lexusmadridsur.es\/WP_LEXUS\/wp-content\/uploads\/2026\/04\/Regalo_gafas_Landing_negro-768x411.png 768w\" sizes=\"(max-width: 1450px) 100vw, 1450px\" \/>\t\t\t\t\t\t\t\t\t\t\t\t\t\t\t<\/div>\n\t\t\t\t<\/div>\n\t\t\t\t\t<\/div>\n\t\t\t\t<\/div>\n\t\t<div class=\"elementor-element elementor-element-0c48ed3 e-flex e-con-boxed e-con e-parent\" data-id=\"0c48ed3\" data-element_type=\"container\" data-settings=\"{&quot;background_background&quot;:&quot;classic&quot;}\">\n\t\t\t\t\t<div class=\"e-con-inner\">\n\t\t\t\t<div class=\"elementor-element elementor-element-f4cd2b7 elementor-widget elementor-widget-heading\" data-id=\"f4cd2b7\" data-element_type=\"widget\" data-widget_type=\"heading.default\">\n\t\t\t\t<div class=\"elementor-widget-container\">\n\t\t\t\t\t<p class=\"elementor-heading-title elementor-size-default\">No dejes pasar esta oportunidad<\/p>\t\t\t\t<\/div>\n\t\t\t\t<\/div>\n\t\t\t\t<div class=\"elementor-element elementor-element-cb78406 elementor-widget__width-initial elementor-invisible elementor-widget elementor-widget-heading\" data-id=\"cb78406\" data-element_type=\"widget\" data-settings=\"{&quot;_animation&quot;:&quot;fadeIn&quot;}\" data-widget_type=\"heading.default\">\n\t\t\t\t<div class=\"elementor-widget-container\">\n\t\t\t\t\t<h2 class=\"elementor-heading-title elementor-size-default\">Beneficios adicionales de esta venta privada<\/h2>\t\t\t\t<\/div>\n\t\t\t\t<\/div>\n\t\t<div class=\"elementor-element elementor-element-1f733ad e-con-full e-flex e-con e-child\" data-id=\"1f733ad\" data-element_type=\"container\">\n\t\t<div class=\"elementor-element elementor-element-9ba2b78 e-con-full e-flex e-con e-child\" data-id=\"9ba2b78\" data-element_type=\"container\">\n\t\t\t\t<div class=\"elementor-element elementor-element-74c30a9 elementor-widget elementor-widget-heading\" data-id=\"74c30a9\" data-element_type=\"widget\" data-widget_type=\"heading.default\">\n\t\t\t\t<div class=\"elementor-widget-container\">\n\t\t\t\t\t<h2 class=\"elementor-heading-title elementor-size-default\">Para veh\u00edculos nuevos:<\/h2>\t\t\t\t<\/div>\n\t\t\t\t<\/div>\n\t\t\t\t<div class=\"elementor-element elementor-element-889dfa8 elementor-widget__width-initial elementor-invisible elementor-widget elementor-widget-heading\" data-id=\"889dfa8\" data-element_type=\"widget\" data-settings=\"{&quot;_animation&quot;:&quot;fadeIn&quot;}\" data-widget_type=\"heading.default\">\n\t\t\t\t<div class=\"elementor-widget-container\">\n\t\t\t\t\t<h2 class=\"elementor-heading-title elementor-size-default\">Hasta 14.000\u20ac dto.*<\/h2>\t\t\t\t<\/div>\n\t\t\t\t<\/div>\n\t\t\t\t<div class=\"elementor-element elementor-element-a8fa764 elementor-widget elementor-widget-heading\" data-id=\"a8fa764\" data-element_type=\"widget\" data-widget_type=\"heading.default\">\n\t\t\t\t<div class=\"elementor-widget-container\">\n\t\t\t\t\t<h2 class=\"elementor-heading-title elementor-size-default\">Incluye:<\/h2>\t\t\t\t<\/div>\n\t\t\t\t<\/div>\n\t\t\t\t<div class=\"elementor-element elementor-element-2e7237d elementor-align-start elementor-icon-list--layout-traditional elementor-list-item-link-full_width elementor-widget elementor-widget-icon-list\" data-id=\"2e7237d\" data-element_type=\"widget\" data-widget_type=\"icon-list.default\">\n\t\t\t\t<div class=\"elementor-widget-container\">\n\t\t\t\t\t\t\t<ul class=\"elementor-icon-list-items\">\n\t\t\t\t\t\t\t<li class=\"elementor-icon-list-item\">\n\t\t\t\t\t\t\t\t\t\t\t<span class=\"elementor-icon-list-icon\">\n\t\t\t\t\t\t\t<svg aria-hidden=\"true\" class=\"e-font-icon-svg e-fas-dot-circle\" viewBox=\"0 0 512 512\" xmlns=\"http:\/\/www.w3.org\/2000\/svg\"><path d=\"M256 8C119.033 8 8 119.033 8 256s111.033 248 248 248 248-111.033 248-248S392.967 8 256 8zm80 248c0 44.112-35.888 80-80 80s-80-35.888-80-80 35.888-80 80-80 80 35.888 80 80z\"><\/path><\/svg>\t\t\t\t\t\t<\/span>\n\t\t\t\t\t\t\t\t\t\t<span class=\"elementor-icon-list-text\">Cargador ABB para modelos el\u00e9ctricos e h\u00edbridos enchufables al 50% de dto.<\/span>\n\t\t\t\t\t\t\t\t\t<\/li>\n\t\t\t\t\t\t\t\t<li class=\"elementor-icon-list-item\">\n\t\t\t\t\t\t\t\t\t\t\t<span class=\"elementor-icon-list-icon\">\n\t\t\t\t\t\t\t<svg aria-hidden=\"true\" class=\"e-font-icon-svg e-fas-dot-circle\" viewBox=\"0 0 512 512\" xmlns=\"http:\/\/www.w3.org\/2000\/svg\"><path d=\"M256 8C119.033 8 8 119.033 8 256s111.033 248 248 248 248-111.033 248-248S392.967 8 256 8zm80 248c0 44.112-35.888 80-80 80s-80-35.888-80-80 35.888-80 80-80 80 35.888 80 80z\"><\/path><\/svg>\t\t\t\t\t\t<\/span>\n\t\t\t\t\t\t\t\t\t\t<span class=\"elementor-icon-list-text\">Cuatro mantenimientos incluidos<\/span>\n\t\t\t\t\t\t\t\t\t<\/li>\n\t\t\t\t\t\t\t\t<li class=\"elementor-icon-list-item\">\n\t\t\t\t\t\t\t\t\t\t\t<span class=\"elementor-icon-list-icon\">\n\t\t\t\t\t\t\t<svg aria-hidden=\"true\" class=\"e-font-icon-svg e-fas-dot-circle\" viewBox=\"0 0 512 512\" xmlns=\"http:\/\/www.w3.org\/2000\/svg\"><path d=\"M256 8C119.033 8 8 119.033 8 256s111.033 248 248 248 248-111.033 248-248S392.967 8 256 8zm80 248c0 44.112-35.888 80-80 80s-80-35.888-80-80 35.888-80 80-80 80 35.888 80 80z\"><\/path><\/svg>\t\t\t\t\t\t<\/span>\n\t\t\t\t\t\t\t\t\t\t<span class=\"elementor-icon-list-text\">Seguro (consultando condiciones)**<\/span>\n\t\t\t\t\t\t\t\t\t<\/li>\n\t\t\t\t\t\t\t\t<li class=\"elementor-icon-list-item\">\n\t\t\t\t\t\t\t\t\t\t\t<span class=\"elementor-icon-list-icon\">\n\t\t\t\t\t\t\t<svg aria-hidden=\"true\" class=\"e-font-icon-svg e-fas-dot-circle\" viewBox=\"0 0 512 512\" xmlns=\"http:\/\/www.w3.org\/2000\/svg\"><path d=\"M256 8C119.033 8 8 119.033 8 256s111.033 248 248 248 248-111.033 248-248S392.967 8 256 8zm80 248c0 44.112-35.888 80-80 80s-80-35.888-80-80 35.888-80 80-80 80 35.888 80 80z\"><\/path><\/svg>\t\t\t\t\t\t<\/span>\n\t\t\t\t\t\t\t\t\t\t<span class=\"elementor-icon-list-text\">Cuatro accesorios<\/span>\n\t\t\t\t\t\t\t\t\t<\/li>\n\t\t\t\t\t\t<\/ul>\n\t\t\t\t\t\t<\/div>\n\t\t\t\t<\/div>\n\t\t\t\t<\/div>\n\t\t<div class=\"elementor-element elementor-element-ac7b545 e-con-full e-flex e-con e-child\" data-id=\"ac7b545\" data-element_type=\"container\">\n\t\t\t\t<div class=\"elementor-element elementor-element-4e18c30 elementor-widget elementor-widget-heading\" data-id=\"4e18c30\" data-element_type=\"widget\" data-widget_type=\"heading.default\">\n\t\t\t\t<div class=\"elementor-widget-container\">\n\t\t\t\t\t<h2 class=\"elementor-heading-title elementor-size-default\">Para veh\u00edculos de ocasi\u00f3n:<\/h2>\t\t\t\t<\/div>\n\t\t\t\t<\/div>\n\t\t\t\t<div class=\"elementor-element elementor-element-f15e99a elementor-widget__width-initial elementor-invisible elementor-widget elementor-widget-heading\" data-id=\"f15e99a\" data-element_type=\"widget\" data-settings=\"{&quot;_animation&quot;:&quot;fadeIn&quot;}\" data-widget_type=\"heading.default\">\n\t\t\t\t<div class=\"elementor-widget-container\">\n\t\t\t\t\t<h2 class=\"elementor-heading-title elementor-size-default\">Desde 19.500\u20ac*<\/h2>\t\t\t\t<\/div>\n\t\t\t\t<\/div>\n\t\t\t\t<div class=\"elementor-element elementor-element-d47b133 elementor-widget elementor-widget-heading\" data-id=\"d47b133\" data-element_type=\"widget\" data-widget_type=\"heading.default\">\n\t\t\t\t<div class=\"elementor-widget-container\">\n\t\t\t\t\t<h2 class=\"elementor-heading-title elementor-size-default\">Incluye:<\/h2>\t\t\t\t<\/div>\n\t\t\t\t<\/div>\n\t\t\t\t<div class=\"elementor-element elementor-element-5e42f9f elementor-icon-list--layout-traditional elementor-list-item-link-full_width elementor-widget elementor-widget-icon-list\" data-id=\"5e42f9f\" data-element_type=\"widget\" data-widget_type=\"icon-list.default\">\n\t\t\t\t<div class=\"elementor-widget-container\">\n\t\t\t\t\t\t\t<ul class=\"elementor-icon-list-items\">\n\t\t\t\t\t\t\t<li class=\"elementor-icon-list-item\">\n\t\t\t\t\t\t\t\t\t\t\t<span class=\"elementor-icon-list-icon\">\n\t\t\t\t\t\t\t<svg aria-hidden=\"true\" class=\"e-font-icon-svg e-fas-dot-circle\" viewBox=\"0 0 512 512\" xmlns=\"http:\/\/www.w3.org\/2000\/svg\"><path d=\"M256 8C119.033 8 8 119.033 8 256s111.033 248 248 248 248-111.033 248-248S392.967 8 256 8zm80 248c0 44.112-35.888 80-80 80s-80-35.888-80-80 35.888-80 80-80 80 35.888 80 80z\"><\/path><\/svg>\t\t\t\t\t\t<\/span>\n\t\t\t\t\t\t\t\t\t\t<span class=\"elementor-icon-list-text\">Dos mantenimientos incluidos<\/span>\n\t\t\t\t\t\t\t\t\t<\/li>\n\t\t\t\t\t\t\t\t<li class=\"elementor-icon-list-item\">\n\t\t\t\t\t\t\t\t\t\t\t<span class=\"elementor-icon-list-icon\">\n\t\t\t\t\t\t\t<svg aria-hidden=\"true\" class=\"e-font-icon-svg e-fas-dot-circle\" viewBox=\"0 0 512 512\" xmlns=\"http:\/\/www.w3.org\/2000\/svg\"><path d=\"M256 8C119.033 8 8 119.033 8 256s111.033 248 248 248 248-111.033 248-248S392.967 8 256 8zm80 248c0 44.112-35.888 80-80 80s-80-35.888-80-80 35.888-80 80-80 80 35.888 80 80z\"><\/path><\/svg>\t\t\t\t\t\t<\/span>\n\t\t\t\t\t\t\t\t\t\t<span class=\"elementor-icon-list-text\">Seguro (consultando condiciones)**<\/span>\n\t\t\t\t\t\t\t\t\t<\/li>\n\t\t\t\t\t\t\t\t<li class=\"elementor-icon-list-item\">\n\t\t\t\t\t\t\t\t\t\t\t<span class=\"elementor-icon-list-icon\">\n\t\t\t\t\t\t\t<svg aria-hidden=\"true\" class=\"e-font-icon-svg e-fas-dot-circle\" viewBox=\"0 0 512 512\" xmlns=\"http:\/\/www.w3.org\/2000\/svg\"><path d=\"M256 8C119.033 8 8 119.033 8 256s111.033 248 248 248 248-111.033 248-248S392.967 8 256 8zm80 248c0 44.112-35.888 80-80 80s-80-35.888-80-80 35.888-80 80-80 80 35.888 80 80z\"><\/path><\/svg>\t\t\t\t\t\t<\/span>\n\t\t\t\t\t\t\t\t\t\t<span class=\"elementor-icon-list-text\">Pack de accesorios de regalo<\/span>\n\t\t\t\t\t\t\t\t\t<\/li>\n\t\t\t\t\t\t<\/ul>\n\t\t\t\t\t\t<\/div>\n\t\t\t\t<\/div>\n\t\t\t\t<\/div>\n\t\t\t\t<\/div>\n\t\t\t\t<div class=\"elementor-element elementor-element-75271e4 elementor-align-left btn-mostrar-cita elementor-widget elementor-widget-button\" data-id=\"75271e4\" data-element_type=\"widget\" data-widget_type=\"button.default\">\n\t\t\t\t<div class=\"elementor-widget-container\">\n\t\t\t\t\t\t\t\t\t<div class=\"elementor-button-wrapper\">\n\t\t\t\t\t<a class=\"elementor-button elementor-button-link elementor-size-md elementor-animation-grow\" href=\"https:\/\/www.lexusmadridsur.es\/info\/formulario-venta-lexus-prive-abril-2026\/\">\n\t\t\t\t\t\t<span class=\"elementor-button-content-wrapper\">\n\t\t\t\t\t\t\t\t\t<span class=\"elementor-button-text\">Reservar cita<\/span>\n\t\t\t\t\t<\/span>\n\t\t\t\t\t<\/a>\n\t\t\t\t<\/div>\n\t\t\t\t\t\t\t\t<\/div>\n\t\t\t\t<\/div>\n\t\t\t\t\t<\/div>\n\t\t\t\t<\/div>\n\t\t<div class=\"elementor-element elementor-element-97f75a7 e-flex e-con-boxed e-con e-parent\" data-id=\"97f75a7\" data-element_type=\"container\" data-settings=\"{&quot;background_background&quot;:&quot;classic&quot;}\">\n\t\t\t\t\t<div class=\"e-con-inner\">\n\t\t\t\t<div class=\"elementor-element elementor-element-37f475d elementor-widget__width-initial elementor-invisible elementor-widget elementor-widget-heading\" data-id=\"37f475d\" data-element_type=\"widget\" data-settings=\"{&quot;_animation&quot;:&quot;fadeIn&quot;}\" data-widget_type=\"heading.default\">\n\t\t\t\t<div class=\"elementor-widget-container\">\n\t\t\t\t\t<h2 class=\"elementor-heading-title elementor-size-default\">Venta exclusiva de veh\u00edculos Lexus al mejor precio<\/h2>\t\t\t\t<\/div>\n\t\t\t\t<\/div>\n\t\t\t\t<div class=\"elementor-element elementor-element-2ab8ea8 elementor-widget elementor-widget-heading\" data-id=\"2ab8ea8\" data-element_type=\"widget\" data-widget_type=\"heading.default\">\n\t\t\t\t<div class=\"elementor-widget-container\">\n\t\t\t\t\t<h2 class=\"elementor-heading-title elementor-size-default\">Precios exclusivos s\u00f3lo con cita previa<\/h2>\t\t\t\t<\/div>\n\t\t\t\t<\/div>\n\t\t<div class=\"elementor-element elementor-element-8cd8dd1 e-con-full e-flex e-con e-child\" data-id=\"8cd8dd1\" data-element_type=\"container\">\n\t\t<div class=\"elementor-element elementor-element-0480e17 e-con-full e-flex e-con e-child\" data-id=\"0480e17\" data-element_type=\"container\">\n\t\t\t\t<div class=\"elementor-element elementor-element-75173c9 elementor-widget elementor-widget-image\" data-id=\"75173c9\" data-element_type=\"widget\" data-widget_type=\"image.default\">\n\t\t\t\t<div class=\"elementor-widget-container\">\n\t\t\t\t\t\t\t\t\t\t\t\t\t\t\t\t<a href=\"https:\/\/www.lexusmadridsur.es\/info\/formulario-venta-lexus-prive-abril-2026\/\">\n\t\t\t\t\t\t\t<img loading=\"lazy\" decoding=\"async\" width=\"800\" height=\"450\" src=\"https:\/\/www.lexusmadridsur.es\/WP_LEXUS\/wp-content\/uploads\/2025\/05\/2.jpg\" class=\"elementor-animation-grow attachment-large size-large wp-image-984\" alt=\"\" srcset=\"https:\/\/www.lexusmadridsur.es\/WP_LEXUS\/wp-content\/uploads\/2025\/05\/2.jpg 800w, https:\/\/www.lexusmadridsur.es\/WP_LEXUS\/wp-content\/uploads\/2025\/05\/2-300x169.jpg 300w, https:\/\/www.lexusmadridsur.es\/WP_LEXUS\/wp-content\/uploads\/2025\/05\/2-768x432.jpg 768w\" sizes=\"(max-width: 800px) 100vw, 800px\" \/>\t\t\t\t\t\t\t\t<\/a>\n\t\t\t\t\t\t\t\t\t\t\t\t\t\t\t<\/div>\n\t\t\t\t<\/div>\n\t\t\t\t<div class=\"elementor-element elementor-element-da377c2 elementor-widget__width-inherit elementor-widget elementor-widget-heading\" data-id=\"da377c2\" data-element_type=\"widget\" data-widget_type=\"heading.default\">\n\t\t\t\t<div class=\"elementor-widget-container\">\n\t\t\t\t\t<p class=\"elementor-heading-title elementor-size-default\">GAMA H\u00cdBRIDA<\/p>\t\t\t\t<\/div>\n\t\t\t\t<\/div>\n\t\t\t\t<\/div>\n\t\t<div class=\"elementor-element elementor-element-b15807a e-con-full e-flex e-con e-child\" data-id=\"b15807a\" data-element_type=\"container\">\n\t\t\t\t<div class=\"elementor-element elementor-element-766cd9a elementor-widget elementor-widget-image\" data-id=\"766cd9a\" data-element_type=\"widget\" data-widget_type=\"image.default\">\n\t\t\t\t<div class=\"elementor-widget-container\">\n\t\t\t\t\t\t\t\t\t\t\t\t\t\t\t\t<a href=\"https:\/\/www.lexusmadridsur.es\/info\/formulario-venta-lexus-prive-abril-2026\/\">\n\t\t\t\t\t\t\t<img loading=\"lazy\" decoding=\"async\" width=\"800\" height=\"450\" src=\"https:\/\/www.lexusmadridsur.es\/WP_LEXUS\/wp-content\/uploads\/2025\/05\/4.jpg\" class=\"elementor-animation-grow attachment-large size-large wp-image-982\" alt=\"\" srcset=\"https:\/\/www.lexusmadridsur.es\/WP_LEXUS\/wp-content\/uploads\/2025\/05\/4.jpg 800w, https:\/\/www.lexusmadridsur.es\/WP_LEXUS\/wp-content\/uploads\/2025\/05\/4-300x169.jpg 300w, https:\/\/www.lexusmadridsur.es\/WP_LEXUS\/wp-content\/uploads\/2025\/05\/4-768x432.jpg 768w\" sizes=\"(max-width: 800px) 100vw, 800px\" \/>\t\t\t\t\t\t\t\t<\/a>\n\t\t\t\t\t\t\t\t\t\t\t\t\t\t\t<\/div>\n\t\t\t\t<\/div>\n\t\t\t\t<div class=\"elementor-element elementor-element-7f3817e elementor-widget__width-inherit elementor-widget elementor-widget-heading\" data-id=\"7f3817e\" data-element_type=\"widget\" data-widget_type=\"heading.default\">\n\t\t\t\t<div class=\"elementor-widget-container\">\n\t\t\t\t\t<p class=\"elementor-heading-title elementor-size-default\">GAMA H\u00cdBRIDA ENCHUFABLE<\/p>\t\t\t\t<\/div>\n\t\t\t\t<\/div>\n\t\t\t\t<\/div>\n\t\t<div class=\"elementor-element elementor-element-eea1426 e-con-full e-flex e-con e-child\" data-id=\"eea1426\" data-element_type=\"container\">\n\t\t\t\t<div class=\"elementor-element elementor-element-a7fc567 elementor-widget elementor-widget-image\" data-id=\"a7fc567\" data-element_type=\"widget\" data-widget_type=\"image.default\">\n\t\t\t\t<div class=\"elementor-widget-container\">\n\t\t\t\t\t\t\t\t\t\t\t\t\t\t\t\t<a href=\"https:\/\/www.lexusmadridsur.es\/info\/formulario-venta-lexus-prive-abril-2026\/\">\n\t\t\t\t\t\t\t<img loading=\"lazy\" decoding=\"async\" width=\"800\" height=\"450\" src=\"https:\/\/www.lexusmadridsur.es\/WP_LEXUS\/wp-content\/uploads\/2025\/05\/1.jpg\" class=\"elementor-animation-grow attachment-large size-large wp-image-985\" alt=\"\" srcset=\"https:\/\/www.lexusmadridsur.es\/WP_LEXUS\/wp-content\/uploads\/2025\/05\/1.jpg 800w, https:\/\/www.lexusmadridsur.es\/WP_LEXUS\/wp-content\/uploads\/2025\/05\/1-300x169.jpg 300w, https:\/\/www.lexusmadridsur.es\/WP_LEXUS\/wp-content\/uploads\/2025\/05\/1-768x432.jpg 768w\" sizes=\"(max-width: 800px) 100vw, 800px\" \/>\t\t\t\t\t\t\t\t<\/a>\n\t\t\t\t\t\t\t\t\t\t\t\t\t\t\t<\/div>\n\t\t\t\t<\/div>\n\t\t\t\t<div class=\"elementor-element elementor-element-18d34db elementor-widget__width-inherit elementor-widget elementor-widget-heading\" data-id=\"18d34db\" data-element_type=\"widget\" data-widget_type=\"heading.default\">\n\t\t\t\t<div class=\"elementor-widget-container\">\n\t\t\t\t\t<p class=\"elementor-heading-title elementor-size-default\">GAMA EL\u00c9CTRICA<\/p>\t\t\t\t<\/div>\n\t\t\t\t<\/div>\n\t\t\t\t<\/div>\n\t\t<div class=\"elementor-element elementor-element-8cdce02 e-con-full e-flex e-con e-child\" data-id=\"8cdce02\" data-element_type=\"container\">\n\t\t\t\t<div class=\"elementor-element elementor-element-e29de7d elementor-widget elementor-widget-image\" data-id=\"e29de7d\" data-element_type=\"widget\" data-widget_type=\"image.default\">\n\t\t\t\t<div class=\"elementor-widget-container\">\n\t\t\t\t\t\t\t\t\t\t\t\t\t\t\t\t<a href=\"https:\/\/www.lexusmadridsur.es\/info\/formulario-venta-lexus-prive-abril-2026\/\">\n\t\t\t\t\t\t\t<img loading=\"lazy\" decoding=\"async\" width=\"800\" height=\"450\" src=\"https:\/\/www.lexusmadridsur.es\/WP_LEXUS\/wp-content\/uploads\/2025\/05\/3.jpg\" class=\"elementor-animation-grow attachment-large size-large wp-image-983\" alt=\"\" srcset=\"https:\/\/www.lexusmadridsur.es\/WP_LEXUS\/wp-content\/uploads\/2025\/05\/3.jpg 800w, https:\/\/www.lexusmadridsur.es\/WP_LEXUS\/wp-content\/uploads\/2025\/05\/3-300x169.jpg 300w, https:\/\/www.lexusmadridsur.es\/WP_LEXUS\/wp-content\/uploads\/2025\/05\/3-768x432.jpg 768w\" sizes=\"(max-width: 800px) 100vw, 800px\" \/>\t\t\t\t\t\t\t\t<\/a>\n\t\t\t\t\t\t\t\t\t\t\t\t\t\t\t<\/div>\n\t\t\t\t<\/div>\n\t\t\t\t<div class=\"elementor-element elementor-element-6c634ab elementor-widget__width-inherit elementor-widget elementor-widget-heading\" data-id=\"6c634ab\" data-element_type=\"widget\" data-widget_type=\"heading.default\">\n\t\t\t\t<div class=\"elementor-widget-container\">\n\t\t\t\t\t<p class=\"elementor-heading-title elementor-size-default\">GAMA SUVS<\/p>\t\t\t\t<\/div>\n\t\t\t\t<\/div>\n\t\t\t\t<\/div>\n\t\t\t\t<\/div>\n\t\t\t\t\t<\/div>\n\t\t\t\t<\/div>\n\t\t<div class=\"elementor-element elementor-element-3d3ca5c e-con-full e-flex e-con e-parent\" data-id=\"3d3ca5c\" data-element_type=\"container\" data-settings=\"{&quot;background_background&quot;:&quot;classic&quot;}\">\n\t\t<div class=\"elementor-element elementor-element-c8f6e97 e-con-full e-flex e-con e-child\" data-id=\"c8f6e97\" data-element_type=\"container\">\n\t\t<div class=\"elementor-element elementor-element-2ba8e6c e-con-full e-flex e-con e-child\" data-id=\"2ba8e6c\" data-element_type=\"container\">\n\t\t\t\t<div class=\"elementor-element elementor-element-cb93c0d elementor-widget elementor-widget-image\" data-id=\"cb93c0d\" data-element_type=\"widget\" data-widget_type=\"image.default\">\n\t\t\t\t<div class=\"elementor-widget-container\">\n\t\t\t\t\t\t\t\t\t\t\t\t\t\t\t<img loading=\"lazy\" decoding=\"async\" width=\"901\" height=\"502\" src=\"https:\/\/www.lexusmadridsur.es\/WP_LEXUS\/wp-content\/uploads\/2026\/02\/lexusmadridsurlogo.png\" class=\"attachment-full size-full wp-image-1476\" alt=\"\" srcset=\"https:\/\/www.lexusmadridsur.es\/WP_LEXUS\/wp-content\/uploads\/2026\/02\/lexusmadridsurlogo.png 901w, https:\/\/www.lexusmadridsur.es\/WP_LEXUS\/wp-content\/uploads\/2026\/02\/lexusmadridsurlogo-300x167.png 300w, https:\/\/www.lexusmadridsur.es\/WP_LEXUS\/wp-content\/uploads\/2026\/02\/lexusmadridsurlogo-768x428.png 768w\" sizes=\"(max-width: 901px) 100vw, 901px\" \/>\t\t\t\t\t\t\t\t\t\t\t\t\t\t\t<\/div>\n\t\t\t\t<\/div>\n\t\t\t\t<\/div>\n\t\t<div class=\"elementor-element elementor-element-1ae5473 e-con-full e-flex e-con e-child\" data-id=\"1ae5473\" data-element_type=\"container\">\n\t\t\t\t<div class=\"elementor-element elementor-element-fc245b5 elementor-widget elementor-widget-image\" data-id=\"fc245b5\" data-element_type=\"widget\" data-widget_type=\"image.default\">\n\t\t\t\t<div class=\"elementor-widget-container\">\n\t\t\t\t\t\t\t\t\t\t\t\t\t\t\t<img loading=\"lazy\" decoding=\"async\" width=\"129\" height=\"91\" src=\"https:\/\/www.lexusmadridsur.es\/WP_LEXUS\/wp-content\/uploads\/2024\/12\/lexus-select-blanco.png\" class=\"attachment-full size-full wp-image-790\" alt=\"\" \/>\t\t\t\t\t\t\t\t\t\t\t\t\t\t\t<\/div>\n\t\t\t\t<\/div>\n\t\t\t\t<\/div>\n\t\t\t\t<\/div>\n\t\t<div class=\"elementor-element elementor-element-c6f73a5 e-con-full e-flex e-con e-child\" data-id=\"c6f73a5\" data-element_type=\"container\">\n\t\t\t\t<div class=\"elementor-element elementor-element-55d8670 elementor-widget__width-initial elementor-widget elementor-widget-icon-box\" data-id=\"55d8670\" data-element_type=\"widget\" data-settings=\"{&quot;_animation&quot;:&quot;none&quot;}\" data-widget_type=\"icon-box.default\">\n\t\t\t\t<div class=\"elementor-widget-container\">\n\t\t\t\t\t\t\t<div class=\"elementor-icon-box-wrapper\">\n\n\t\t\t\n\t\t\t\t\t\t<div class=\"elementor-icon-box-content\">\n\n\t\t\t\t\n\t\t\t\t\t\t\t\t\t<p class=\"elementor-icon-box-description\">\n\t\t\t\t\t\tCONCESIONARIOS OFICIALES LEXUS EN MADRID\t\t\t\t\t<\/p>\n\t\t\t\t\n\t\t\t<\/div>\n\t\t\t\n\t\t<\/div>\n\t\t\t\t\t\t<\/div>\n\t\t\t\t<\/div>\n\t\t\t\t<\/div>\n\t\t<div class=\"elementor-element elementor-element-6479671 e-con-full e-flex e-con e-child\" data-id=\"6479671\" data-element_type=\"container\">\n\t\t<div class=\"elementor-element elementor-element-3b3ff21 e-con-full e-flex e-con e-child\" data-id=\"3b3ff21\" data-element_type=\"container\">\n\t\t\t\t<div class=\"elementor-element elementor-element-8c42490 elementor-widget elementor-widget-icon-box\" data-id=\"8c42490\" data-element_type=\"widget\" data-widget_type=\"icon-box.default\">\n\t\t\t\t<div class=\"elementor-widget-container\">\n\t\t\t\t\t\t\t<div class=\"elementor-icon-box-wrapper\">\n\n\t\t\t\n\t\t\t\t\t\t<div class=\"elementor-icon-box-content\">\n\n\t\t\t\t\t\t\t\t\t<h3 class=\"elementor-icon-box-title\">\n\t\t\t\t\t\t<span  >\n\t\t\t\t\t\t\tLegan\u00e9s\t\t\t\t\t\t<\/span>\n\t\t\t\t\t<\/h3>\n\t\t\t\t\n\t\t\t\t\t\t\t\t\t<p class=\"elementor-icon-box-description\">\n\t\t\t\t\t\tAvenida Carlos Sainz, 31 28914 Madrid \nVenta: 916 895 101  \nTaller y Recambios: 916 895 101  \nVentas VO: 916 895 101  \nCarrocer\u00eda: 916 895 101\t\t\t\t\t<\/p>\n\t\t\t\t\n\t\t\t<\/div>\n\t\t\t\n\t\t<\/div>\n\t\t\t\t\t\t<\/div>\n\t\t\t\t<\/div>\n\t\t\t\t<\/div>\n\t\t<div class=\"elementor-element elementor-element-4ab4d10 e-con-full e-flex e-con e-child\" data-id=\"4ab4d10\" data-element_type=\"container\">\n\t\t\t\t<div class=\"elementor-element elementor-element-eaaacfd elementor-widget elementor-widget-icon-box\" data-id=\"eaaacfd\" data-element_type=\"widget\" data-widget_type=\"icon-box.default\">\n\t\t\t\t<div class=\"elementor-widget-container\">\n\t\t\t\t\t\t\t<div class=\"elementor-icon-box-wrapper\">\n\n\t\t\t\n\t\t\t\t\t\t<div class=\"elementor-icon-box-content\">\n\n\t\t\t\t\t\t\t\t\t<h3 class=\"elementor-icon-box-title\">\n\t\t\t\t\t\t<span  >\n\t\t\t\t\t\t\tAlcal\u00e1 de Henares\t\t\t\t\t\t<\/span>\n\t\t\t\t\t<\/h3>\n\t\t\t\t\n\t\t\t\t\t\t\t\t\t<p class=\"elementor-icon-box-description\">\n\t\t\t\t\t\tCtra. A-2, Km.35 (Salida 32. V\u00eda de Servicio, direcci\u00f3n Centro Comercial\/Campo de\nGolf) 28805 Madrid \nVenta: 918 881 388 \nTaller y Recambios: 918 881 388 \t\t\t\t\t<\/p>\n\t\t\t\t\n\t\t\t<\/div>\n\t\t\t\n\t\t<\/div>\n\t\t\t\t\t\t<\/div>\n\t\t\t\t<\/div>\n\t\t\t\t<\/div>\n\t\t\t\t<\/div>\n\t\t\t\t<\/div>\n\t\t<div class=\"elementor-element elementor-element-01d3cea e-con-full e-flex e-con e-parent\" data-id=\"01d3cea\" data-element_type=\"container\" data-settings=\"{&quot;background_background&quot;:&quot;classic&quot;}\">\n\t\t\t\t<div class=\"elementor-element elementor-element-8a4eeb5 elementor-widget elementor-widget-text-editor\" data-id=\"8a4eeb5\" data-element_type=\"widget\" data-widget_type=\"text-editor.default\">\n\t\t\t\t<div class=\"elementor-widget-container\">\n\t\t\t\t\t\t\t\t\t<p>*Consultar condiciones particulares en nuestros concesionarios de Legan\u00e9s y Alcal\u00e1 de Henares. Promociones disponibles del 24 de abril al 22 de mayo de 2026 previa solicitud de cita y confirmaci\u00f3n de la misma. Precios y descuentos de cada modelo seg\u00fan disponibilidad del concesionario. Condiciones aplicables durante el 20, 21 y 22 de mayo de 2026 en modelos seleccionados.<\/p><p>**Condiciones del seguro y disponibilidad del mismo seg\u00fan aseguradora.<\/p>\t\t\t\t\t\t\t\t<\/div>\n\t\t\t\t<\/div>\n\t\t\t\t<\/div>\n\t\t<div class=\"elementor-element elementor-element-065eaae elementor-hidden-desktop elementor-hidden-tablet e-flex e-con-boxed e-con e-parent\" data-id=\"065eaae\" data-element_type=\"container\" data-settings=\"{&quot;background_background&quot;:&quot;classic&quot;,&quot;sticky&quot;:&quot;bottom&quot;,&quot;sticky_on&quot;:[&quot;desktop&quot;,&quot;tablet&quot;,&quot;mobile&quot;],&quot;sticky_offset&quot;:0,&quot;sticky_effects_offset&quot;:0,&quot;sticky_anchor_link_offset&quot;:0}\">\n\t\t\t\t\t<div class=\"e-con-inner\">\n\t\t<div class=\"elementor-element elementor-element-54e1842 e-con-full e-flex e-con e-child\" data-id=\"54e1842\" data-element_type=\"container\">\n\t\t\t\t<div class=\"elementor-element elementor-element-ba61b3d elementor-widget__width-initial elementor-invisible elementor-widget elementor-widget-heading\" data-id=\"ba61b3d\" data-element_type=\"widget\" data-settings=\"{&quot;_animation&quot;:&quot;fadeIn&quot;}\" data-widget_type=\"heading.default\">\n\t\t\t\t<div class=\"elementor-widget-container\">\n\t\t\t\t\t<h2 class=\"elementor-heading-title elementor-size-default\">Tu Lexus Select desde 19.500\u20ac con dtos. de hasta 14.000\u20ac*<\/h2>\t\t\t\t<\/div>\n\t\t\t\t<\/div>\n\t\t\t\t<div class=\"elementor-element elementor-element-14e66fb elementor-widget__width-initial elementor-invisible elementor-widget elementor-widget-heading\" data-id=\"14e66fb\" data-element_type=\"widget\" data-settings=\"{&quot;_animation&quot;:&quot;fadeIn&quot;}\" data-widget_type=\"heading.default\">\n\t\t\t\t<div class=\"elementor-widget-container\">\n\t\t\t\t\t<h2 class=\"elementor-heading-title elementor-size-default\">\u00a1Ya disponible!<\/h2>\t\t\t\t<\/div>\n\t\t\t\t<\/div>\n\t\t\t\t<\/div>\n\t\t<div class=\"elementor-element elementor-element-69464f0 e-con-full e-flex e-con e-child\" data-id=\"69464f0\" data-element_type=\"container\">\n\t\t\t\t<div class=\"elementor-element elementor-element-9c58b29 elementor-align-center btn-mostrar-cita elementor-widget elementor-widget-button\" data-id=\"9c58b29\" data-element_type=\"widget\" data-widget_type=\"button.default\">\n\t\t\t\t<div class=\"elementor-widget-container\">\n\t\t\t\t\t\t\t\t\t<div class=\"elementor-button-wrapper\">\n\t\t\t\t\t<a class=\"elementor-button elementor-button-link elementor-size-md elementor-animation-grow\" href=\"https:\/\/www.lexusmadridsur.es\/info\/formulario-venta-lexus-prive-abril-2026\/\">\n\t\t\t\t\t\t<span class=\"elementor-button-content-wrapper\">\n\t\t\t\t\t\t\t\t\t<span class=\"elementor-button-text\">Reservar cita<\/span>\n\t\t\t\t\t<\/span>\n\t\t\t\t\t<\/a>\n\t\t\t\t<\/div>\n\t\t\t\t\t\t\t\t<\/div>\n\t\t\t\t<\/div>\n\t\t\t\t<div class=\"elementor-element elementor-element-741654f elementor-countdown--label-block elementor-widget elementor-widget-countdown\" data-id=\"741654f\" data-element_type=\"widget\" data-widget_type=\"countdown.default\">\n\t\t\t\t<div class=\"elementor-widget-container\">\n\t\t\t\t\t\t\t<div data-expire-actions=\"[{&quot;type&quot;:&quot;hide&quot;}]\" class=\"elementor-countdown-wrapper\" data-date=\"1779480000\">\n\t\t\t<div class=\"elementor-countdown-item\"><span class=\"elementor-countdown-digits elementor-countdown-days\"><\/span> <span class=\"elementor-countdown-label\">D\u00edas<\/span><\/div><div class=\"elementor-countdown-item\"><span class=\"elementor-countdown-digits elementor-countdown-hours\"><\/span> <span class=\"elementor-countdown-label\">Horas<\/span><\/div><div class=\"elementor-countdown-item\"><span class=\"elementor-countdown-digits elementor-countdown-minutes\"><\/span> <span class=\"elementor-countdown-label\">Minutos<\/span><\/div><div class=\"elementor-countdown-item\"><span class=\"elementor-countdown-digits elementor-countdown-seconds\"><\/span> <span class=\"elementor-countdown-label\">Segundos<\/span><\/div>\t\t<\/div>\n\t\t\t\t\t\t<\/div>\n\t\t\t\t<\/div>\n\t\t\t\t<\/div>\n\t\t\t\t\t<\/div>\n\t\t\t\t<\/div>\n\t\t<div class=\"elementor-element elementor-element-b57c4e1 e-con-full elementor-hidden-tablet elementor-hidden-mobile e-flex e-con e-parent\" data-id=\"b57c4e1\" data-element_type=\"container\" data-settings=\"{&quot;background_background&quot;:&quot;classic&quot;,&quot;position&quot;:&quot;fixed&quot;,&quot;sticky&quot;:&quot;bottom&quot;,&quot;sticky_on&quot;:[&quot;desktop&quot;],&quot;sticky_offset&quot;:0,&quot;sticky_effects_offset&quot;:0,&quot;sticky_anchor_link_offset&quot;:0}\">\n\t\t\t\t<div class=\"elementor-element elementor-element-3e5aca0 elementor-widget elementor-widget-image\" data-id=\"3e5aca0\" data-element_type=\"widget\" data-widget_type=\"image.default\">\n\t\t\t\t<div class=\"elementor-widget-container\">\n\t\t\t\t\t\t\t\t\t\t\t\t\t\t\t<img loading=\"lazy\" decoding=\"async\" width=\"984\" height=\"200\" src=\"https:\/\/www.lexusmadridsur.es\/WP_LEXUS\/wp-content\/uploads\/2025\/10\/LexusMadridSur_21.10.2025_Campana_Venta_Lexus_Prive_Landing_LOGO02_Blanco.png\" class=\"attachment-large size-large wp-image-1281\" alt=\"\" srcset=\"https:\/\/www.lexusmadridsur.es\/WP_LEXUS\/wp-content\/uploads\/2025\/10\/LexusMadridSur_21.10.2025_Campana_Venta_Lexus_Prive_Landing_LOGO02_Blanco.png 984w, https:\/\/www.lexusmadridsur.es\/WP_LEXUS\/wp-content\/uploads\/2025\/10\/LexusMadridSur_21.10.2025_Campana_Venta_Lexus_Prive_Landing_LOGO02_Blanco-300x61.png 300w, https:\/\/www.lexusmadridsur.es\/WP_LEXUS\/wp-content\/uploads\/2025\/10\/LexusMadridSur_21.10.2025_Campana_Venta_Lexus_Prive_Landing_LOGO02_Blanco-768x156.png 768w\" sizes=\"(max-width: 984px) 100vw, 984px\" \/>\t\t\t\t\t\t\t\t\t\t\t\t\t\t\t<\/div>\n\t\t\t\t<\/div>\n\t\t\t\t<div class=\"elementor-element elementor-element-a548981 elementor-widget__width-initial elementor-invisible elementor-widget elementor-widget-heading\" data-id=\"a548981\" data-element_type=\"widget\" data-settings=\"{&quot;_animation&quot;:&quot;fadeIn&quot;}\" data-widget_type=\"heading.default\">\n\t\t\t\t<div class=\"elementor-widget-container\">\n\t\t\t\t\t<h2 class=\"elementor-heading-title elementor-size-default\">Hasta 14.000\u20ac dto.<\/h2>\t\t\t\t<\/div>\n\t\t\t\t<\/div>\n\t\t\t\t<div class=\"elementor-element elementor-element-8751c26 elementor-widget__width-initial elementor-invisible elementor-widget elementor-widget-heading\" data-id=\"8751c26\" data-element_type=\"widget\" data-settings=\"{&quot;_animation&quot;:&quot;fadeIn&quot;}\" data-widget_type=\"heading.default\">\n\t\t\t\t<div class=\"elementor-widget-container\">\n\t\t\t\t\t<h2 class=\"elementor-heading-title elementor-size-default\">Veh\u00edculos de Ocasi\u00f3n desde 19.500\u20ac*<\/h2>\t\t\t\t<\/div>\n\t\t\t\t<\/div>\n\t\t\t\t<div class=\"elementor-element elementor-element-9fbd36d elementor-widget__width-inherit elementor-widget elementor-widget-heading\" data-id=\"9fbd36d\" data-element_type=\"widget\" data-widget_type=\"heading.default\">\n\t\t\t\t<div class=\"elementor-widget-container\">\n\t\t\t\t\t<p class=\"elementor-heading-title elementor-size-default\">\u00a1Nuevo stock disponible!<\/p>\t\t\t\t<\/div>\n\t\t\t\t<\/div>\n\t\t\t\t<div class=\"elementor-element elementor-element-93f3ade elementor-countdown--label-block elementor-widget elementor-widget-countdown\" data-id=\"93f3ade\" data-element_type=\"widget\" data-widget_type=\"countdown.default\">\n\t\t\t\t<div class=\"elementor-widget-container\">\n\t\t\t\t\t\t\t<div data-expire-actions=\"[{&quot;type&quot;:&quot;hide&quot;}]\" class=\"elementor-countdown-wrapper\" data-date=\"1779480000\">\n\t\t\t<div class=\"elementor-countdown-item\"><span class=\"elementor-countdown-digits elementor-countdown-days\"><\/span> <span class=\"elementor-countdown-label\">D\u00edas<\/span><\/div><div class=\"elementor-countdown-item\"><span class=\"elementor-countdown-digits elementor-countdown-hours\"><\/span> <span class=\"elementor-countdown-label\">Horas<\/span><\/div><div class=\"elementor-countdown-item\"><span class=\"elementor-countdown-digits elementor-countdown-minutes\"><\/span> <span class=\"elementor-countdown-label\">Minutos<\/span><\/div><div class=\"elementor-countdown-item\"><span class=\"elementor-countdown-digits elementor-countdown-seconds\"><\/span> <span class=\"elementor-countdown-label\">Segundos<\/span><\/div>\t\t<\/div>\n\t\t\t\t\t\t<\/div>\n\t\t\t\t<\/div>\n\t\t\t\t<div class=\"elementor-element elementor-element-1388347 elementor-align-center btn-mostrar-cita elementor-widget elementor-widget-button\" data-id=\"1388347\" data-element_type=\"widget\" data-widget_type=\"button.default\">\n\t\t\t\t<div class=\"elementor-widget-container\">\n\t\t\t\t\t\t\t\t\t<div class=\"elementor-button-wrapper\">\n\t\t\t\t\t<a class=\"elementor-button elementor-button-link elementor-size-md elementor-animation-grow\" href=\"https:\/\/www.lexusmadridsur.es\/info\/formulario-venta-lexus-prive-abril-2026\/\">\n\t\t\t\t\t\t<span class=\"elementor-button-content-wrapper\">\n\t\t\t\t\t\t\t\t\t<span class=\"elementor-button-text\">Reservar cita<\/span>\n\t\t\t\t\t<\/span>\n\t\t\t\t\t<\/a>\n\t\t\t\t<\/div>\n\t\t\t\t\t\t\t\t<\/div>\n\t\t\t\t<\/div>\n\t\t\t\t<\/div>\n\t\t\t\t<\/div>\n\t\t","protected":false},"excerpt":{"rendered":"<p>Concesionarios Oficiales Lexus en Madrid Ahorra hasta 14.000\u20ac* en tu Lexus Precios exclusivos s\u00f3lo con cita previa S\u00f3lo 80 citas disponibles Los mejores precios del a\u00f1o Con tu Lexus, ll\u00e9vate GRATIS unas gafas Ray-Bay Meta Wayfarer gen 1 valoradas en 300\u20ac de regalo. (S\u00ed, gratis y regalo en la misma frase) \u00b7 Podr\u00e1s hacer: Llamadas, [&hellip;]<\/p>\n","protected":false},"author":1,"featured_media":1655,"parent":0,"menu_order":0,"comment_status":"closed","ping_status":"closed","template":"elementor_canvas","meta":{"footnotes":""},"class_list":["post-1531","page","type-page","status-publish","has-post-thumbnail","hentry"],"yoast_head":"<!-- This site is optimized with the Yoast SEO plugin v26.6 - https:\/\/yoast.com\/wordpress\/plugins\/seo\/ -->\n<title>Venta Lexus Priv\u00e9 Abril 2026 - Lexus Madrid Sur News<\/title>\n<meta name=\"robots\" content=\"index, follow, max-snippet:-1, max-image-preview:large, max-video-preview:-1\" \/>\n<link rel=\"canonical\" href=\"https:\/\/www.lexusmadridsur.es\/info\/venta-lexus-prive-abril-2026\/\" \/>\n<meta property=\"og:locale\" content=\"es_ES\" \/>\n<meta property=\"og:type\" content=\"article\" \/>\n<meta property=\"og:title\" content=\"Venta Lexus Priv\u00e9 Abril 2026 - Lexus Madrid Sur News\" \/>\n<meta property=\"og:description\" content=\"Concesionarios Oficiales Lexus en Madrid Ahorra hasta 14.000\u20ac* en tu Lexus Precios exclusivos s\u00f3lo con cita previa S\u00f3lo 80 citas disponibles Los mejores precios del a\u00f1o Con tu Lexus, ll\u00e9vate GRATIS unas gafas Ray-Bay Meta Wayfarer gen 1 valoradas en 300\u20ac de regalo. (S\u00ed, gratis y regalo en la misma frase) \u00b7 Podr\u00e1s hacer: Llamadas, [&hellip;]\" \/>\n<meta property=\"og:url\" content=\"https:\/\/www.lexusmadridsur.es\/info\/venta-lexus-prive-abril-2026\/\" \/>\n<meta property=\"og:site_name\" content=\"Lexus Madrid Sur News\" \/>\n<meta property=\"article:modified_time\" content=\"2026-04-27T18:04:36+00:00\" \/>\n<meta property=\"og:image\" content=\"https:\/\/www.lexusmadridsur.es\/WP_LEXUS\/wp-content\/uploads\/2026\/04\/fondo-prive-tercera-edicion.jpg\" \/>\n\t<meta property=\"og:image:width\" content=\"1065\" \/>\n\t<meta property=\"og:image:height\" content=\"679\" \/>\n\t<meta property=\"og:image:type\" content=\"image\/jpeg\" \/>\n<meta name=\"twitter:card\" content=\"summary_large_image\" \/>\n<meta name=\"twitter:label1\" content=\"Tiempo de lectura\" \/>\n\t<meta name=\"twitter:data1\" content=\"4 minutos\" \/>\n<script type=\"application\/ld+json\" class=\"yoast-schema-graph\">{\"@context\":\"https:\/\/schema.org\",\"@graph\":[{\"@type\":\"WebPage\",\"@id\":\"https:\/\/www.lexusmadridsur.es\/info\/venta-lexus-prive-abril-2026\/\",\"url\":\"https:\/\/www.lexusmadridsur.es\/info\/venta-lexus-prive-abril-2026\/\",\"name\":\"Venta Lexus Priv\u00e9 Abril 2026 - Lexus Madrid Sur News\",\"isPartOf\":{\"@id\":\"https:\/\/www.lexusmadridsur.es\/info\/#website\"},\"primaryImageOfPage\":{\"@id\":\"https:\/\/www.lexusmadridsur.es\/info\/venta-lexus-prive-abril-2026\/#primaryimage\"},\"image\":{\"@id\":\"https:\/\/www.lexusmadridsur.es\/info\/venta-lexus-prive-abril-2026\/#primaryimage\"},\"thumbnailUrl\":\"https:\/\/www.lexusmadridsur.es\/WP_LEXUS\/wp-content\/uploads\/2026\/04\/fondo-prive-tercera-edicion.jpg\",\"datePublished\":\"2026-04-20T14:28:03+00:00\",\"dateModified\":\"2026-04-27T18:04:36+00:00\",\"breadcrumb\":{\"@id\":\"https:\/\/www.lexusmadridsur.es\/info\/venta-lexus-prive-abril-2026\/#breadcrumb\"},\"inLanguage\":\"es\",\"potentialAction\":[{\"@type\":\"ReadAction\",\"target\":[\"https:\/\/www.lexusmadridsur.es\/info\/venta-lexus-prive-abril-2026\/\"]}]},{\"@type\":\"ImageObject\",\"inLanguage\":\"es\",\"@id\":\"https:\/\/www.lexusmadridsur.es\/info\/venta-lexus-prive-abril-2026\/#primaryimage\",\"url\":\"https:\/\/www.lexusmadridsur.es\/WP_LEXUS\/wp-content\/uploads\/2026\/04\/fondo-prive-tercera-edicion.jpg\",\"contentUrl\":\"https:\/\/www.lexusmadridsur.es\/WP_LEXUS\/wp-content\/uploads\/2026\/04\/fondo-prive-tercera-edicion.jpg\",\"width\":1065,\"height\":679},{\"@type\":\"BreadcrumbList\",\"@id\":\"https:\/\/www.lexusmadridsur.es\/info\/venta-lexus-prive-abril-2026\/#breadcrumb\",\"itemListElement\":[{\"@type\":\"ListItem\",\"position\":1,\"name\":\"Portada\",\"item\":\"https:\/\/www.lexusmadridsur.es\/info\/\"},{\"@type\":\"ListItem\",\"position\":2,\"name\":\"Venta Lexus Priv\u00e9 Abril 2026\"}]},{\"@type\":\"WebSite\",\"@id\":\"https:\/\/www.lexusmadridsur.es\/info\/#website\",\"url\":\"https:\/\/www.lexusmadridsur.es\/info\/\",\"name\":\"Lexus Madrid Sur News\",\"description\":\"Concesinario Oficial Lexus Madrid Sur\",\"potentialAction\":[{\"@type\":\"SearchAction\",\"target\":{\"@type\":\"EntryPoint\",\"urlTemplate\":\"https:\/\/www.lexusmadridsur.es\/info\/?s={search_term_string}\"},\"query-input\":{\"@type\":\"PropertyValueSpecification\",\"valueRequired\":true,\"valueName\":\"search_term_string\"}}],\"inLanguage\":\"es\"}]}<\/script>\n<!-- \/ Yoast SEO plugin. -->","yoast_head_json":{"title":"Venta Lexus Priv\u00e9 Abril 2026 - Lexus Madrid Sur News","robots":{"index":"index","follow":"follow","max-snippet":"max-snippet:-1","max-image-preview":"max-image-preview:large","max-video-preview":"max-video-preview:-1"},"canonical":"https:\/\/www.lexusmadridsur.es\/info\/venta-lexus-prive-abril-2026\/","og_locale":"es_ES","og_type":"article","og_title":"Venta Lexus Priv\u00e9 Abril 2026 - Lexus Madrid Sur News","og_description":"Concesionarios Oficiales Lexus en Madrid Ahorra hasta 14.000\u20ac* en tu Lexus Precios exclusivos s\u00f3lo con cita previa S\u00f3lo 80 citas disponibles Los mejores precios del a\u00f1o Con tu Lexus, ll\u00e9vate GRATIS unas gafas Ray-Bay Meta Wayfarer gen 1 valoradas en 300\u20ac de regalo. (S\u00ed, gratis y regalo en la misma frase) \u00b7 Podr\u00e1s hacer: Llamadas, [&hellip;]","og_url":"https:\/\/www.lexusmadridsur.es\/info\/venta-lexus-prive-abril-2026\/","og_site_name":"Lexus Madrid Sur News","article_modified_time":"2026-04-27T18:04:36+00:00","og_image":[{"width":1065,"height":679,"url":"https:\/\/www.lexusmadridsur.es\/WP_LEXUS\/wp-content\/uploads\/2026\/04\/fondo-prive-tercera-edicion.jpg","type":"image\/jpeg"}],"twitter_card":"summary_large_image","twitter_misc":{"Tiempo de lectura":"4 minutos"},"schema":{"@context":"https:\/\/schema.org","@graph":[{"@type":"WebPage","@id":"https:\/\/www.lexusmadridsur.es\/info\/venta-lexus-prive-abril-2026\/","url":"https:\/\/www.lexusmadridsur.es\/info\/venta-lexus-prive-abril-2026\/","name":"Venta Lexus Priv\u00e9 Abril 2026 - Lexus Madrid Sur News","isPartOf":{"@id":"https:\/\/www.lexusmadridsur.es\/info\/#website"},"primaryImageOfPage":{"@id":"https:\/\/www.lexusmadridsur.es\/info\/venta-lexus-prive-abril-2026\/#primaryimage"},"image":{"@id":"https:\/\/www.lexusmadridsur.es\/info\/venta-lexus-prive-abril-2026\/#primaryimage"},"thumbnailUrl":"https:\/\/www.lexusmadridsur.es\/WP_LEXUS\/wp-content\/uploads\/2026\/04\/fondo-prive-tercera-edicion.jpg","datePublished":"2026-04-20T14:28:03+00:00","dateModified":"2026-04-27T18:04:36+00:00","breadcrumb":{"@id":"https:\/\/www.lexusmadridsur.es\/info\/venta-lexus-prive-abril-2026\/#breadcrumb"},"inLanguage":"es","potentialAction":[{"@type":"ReadAction","target":["https:\/\/www.lexusmadridsur.es\/info\/venta-lexus-prive-abril-2026\/"]}]},{"@type":"ImageObject","inLanguage":"es","@id":"https:\/\/www.lexusmadridsur.es\/info\/venta-lexus-prive-abril-2026\/#primaryimage","url":"https:\/\/www.lexusmadridsur.es\/WP_LEXUS\/wp-content\/uploads\/2026\/04\/fondo-prive-tercera-edicion.jpg","contentUrl":"https:\/\/www.lexusmadridsur.es\/WP_LEXUS\/wp-content\/uploads\/2026\/04\/fondo-prive-tercera-edicion.jpg","width":1065,"height":679},{"@type":"BreadcrumbList","@id":"https:\/\/www.lexusmadridsur.es\/info\/venta-lexus-prive-abril-2026\/#breadcrumb","itemListElement":[{"@type":"ListItem","position":1,"name":"Portada","item":"https:\/\/www.lexusmadridsur.es\/info\/"},{"@type":"ListItem","position":2,"name":"Venta Lexus Priv\u00e9 Abril 2026"}]},{"@type":"WebSite","@id":"https:\/\/www.lexusmadridsur.es\/info\/#website","url":"https:\/\/www.lexusmadridsur.es\/info\/","name":"Lexus Madrid Sur News","description":"Concesinario Oficial Lexus Madrid Sur","potentialAction":[{"@type":"SearchAction","target":{"@type":"EntryPoint","urlTemplate":"https:\/\/www.lexusmadridsur.es\/info\/?s={search_term_string}"},"query-input":{"@type":"PropertyValueSpecification","valueRequired":true,"valueName":"search_term_string"}}],"inLanguage":"es"}]}},"_links":{"self":[{"href":"https:\/\/www.lexusmadridsur.es\/info\/wp-json\/wp\/v2\/pages\/1531","targetHints":{"allow":["GET"]}}],"collection":[{"href":"https:\/\/www.lexusmadridsur.es\/info\/wp-json\/wp\/v2\/pages"}],"about":[{"href":"https:\/\/www.lexusmadridsur.es\/info\/wp-json\/wp\/v2\/types\/page"}],"author":[{"embeddable":true,"href":"https:\/\/www.lexusmadridsur.es\/info\/wp-json\/wp\/v2\/users\/1"}],"replies":[{"embeddable":true,"href":"https:\/\/www.lexusmadridsur.es\/info\/wp-json\/wp\/v2\/comments?post=1531"}],"version-history":[{"count":43,"href":"https:\/\/www.lexusmadridsur.es\/info\/wp-json\/wp\/v2\/pages\/1531\/revisions"}],"predecessor-version":[{"id":1674,"href":"https:\/\/www.lexusmadridsur.es\/info\/wp-json\/wp\/v2\/pages\/1531\/revisions\/1674"}],"wp:featuredmedia":[{"embeddable":true,"href":"https:\/\/www.lexusmadridsur.es\/info\/wp-json\/wp\/v2\/media\/1655"}],"wp:attachment":[{"href":"https:\/\/www.lexusmadridsur.es\/info\/wp-json\/wp\/v2\/media?parent=1531"}],"curies":[{"name":"wp","href":"https:\/\/api.w.org\/{rel}","templated":true}]}}